{"id":1297,"date":"2015-01-26T12:58:56","date_gmt":"2015-01-26T12:58:56","guid":{"rendered":"http:\/\/karmel.hr\/?page_id=1297"},"modified":"2015-01-26T13:12:39","modified_gmt":"2015-01-26T13:12:39","slug":"prorok-ilija","status":"publish","type":"page","link":"https:\/\/karmel.hr\/?page_id=1297","title":{"rendered":"Prorok Ilija"},"content":{"rendered":"<p>U svojim nastojanjima da slijede Krista izbliza karmelska obitelj nadahnjuje se \u017eivotom starozavjetnog proroka Ilije. Nazivamo ga svojim ocem i utemeljiteljem i to ne u materijalnom ve\u0107 u duhovnom zna\u010denju tog pojma.<\/p>\n<p>O povezanosti karmeli\u0107ana sa Ilijom prorokom prvi je posvjedo\u010dio biskup Akka, Jacques de Vitry (+ 1240), koji tvrdi da karmeli\u0107ani-pustinjaci \u017eive kod vrela koje se zove Ilijinim vrelom: &#8220;Qui fons Eliae dicitur&#8221;, i da tamo \u017eive kao nasljedovatelji njegovog sveta\u010dkog i samotni\u010dkog \u017eivota.<\/p>\n<p><a href=\"https:\/\/karmel.hr\/wp-content\/uploads\/2015\/01\/carmel2.jpg\"><img loading=\"lazy\" decoding=\"async\" class=\"aligncenter size-full wp-image-1301\" src=\"https:\/\/karmel.hr\/wp-content\/uploads\/2015\/01\/carmel2.jpg\" alt=\"carmel2\" width=\"500\" height=\"375\" srcset=\"https:\/\/karmel.hr\/wp-content\/uploads\/2015\/01\/carmel2.jpg 500w, https:\/\/karmel.hr\/wp-content\/uploads\/2015\/01\/carmel2-300x225.jpg 300w\" sizes=\"auto, (max-width: 500px) 100vw, 500px\" \/><\/a>Prema rubrici Konstitucija karmeli\u0107ana iz 1281, Ilija i Elizej imali su svoje nasljedovatelje u Starom i Novom zavjetu. Karmeli\u0107ani su nasljednici tih Ilijinih i Elizejevih sljedbenika u 12. st. Jo\u0161 jedan va\u017ean dokument je priop\u0107enje dominikanca Burkarda od Siona koji je bio gost karmeli\u0107ana &#8220;kod izvora&#8221; 1280. koji ka\u017ee:<\/p>\n<blockquote><p><span style=\"color: #993300;\"><strong>&#8220;Nedaleko od Haife, ulijevo, kako se ide prema tvr\u0111avi hodo\u010dasnika, na gori Karmelu nalazi se Ilijina spilja i boravi\u0161te Elizejevo kao i izvor gdje su stanovali proro\u010dki sinovi a gdje danas stanuju bra\u0107a od Karmela koje sam posjetio.&#8221;<\/strong><\/span><\/p><\/blockquote>\n<p>U liku proroka Ilije divno se me\u0111usobno pro\u017eimaju kontemplacija i akcija. Njegovo iskustvo &#8220;stajanja pred \u017eivim Bogom&#8221; \u010dini od njega gorljivog borca za Bo\u017eju stvar. \u017divio je u podlo\u017enosti Bo\u017ejoj volji nastoje\u0107i mu slu\u017eiti \u010dista i iskrena srca.\u00a0 Njegovo iskustvo molitve ra\u0111a hrabrim zauzimanjem za Bo\u017eju pravdu kao \u0161to mo\u017eemo pro\u010ditati u Knjizi proroka Izaije: &#8220;\u0161utnja je \u010duvarica pravednosti&#8221; i na drugom mjestu &#8220;u smirenom uzdanju snaga je va\u0161a&#8221;. Sje\u0107anje na Iliju osobito je \u017eivo na brdu Karmel gdje je, kako \u010ditamo u Prvoj knjizi o kraljevima,\u00a0 izazvao narod da prestane hramati na ob<a href=\"https:\/\/karmel.hr\/wp-content\/uploads\/2014\/12\/Mtcarmelfire.jpg\"><img loading=\"lazy\" decoding=\"async\" class=\"alignright size-medium wp-image-1224\" src=\"https:\/\/karmel.hr\/wp-content\/uploads\/2014\/12\/Mtcarmelfire-300x216.jpg\" alt=\"Mtcarmelfire\" width=\"300\" height=\"216\" srcset=\"https:\/\/karmel.hr\/wp-content\/uploads\/2014\/12\/Mtcarmelfire-300x216.jpg 300w, https:\/\/karmel.hr\/wp-content\/uploads\/2014\/12\/Mtcarmelfire-600x432.jpg 600w, https:\/\/karmel.hr\/wp-content\/uploads\/2014\/12\/Mtcarmelfire.jpg 800w\" sizes=\"auto, (max-width: 300px) 100vw, 300px\" \/><\/a>je strane i odlu\u010di se kome \u0107e slu\u017eiti &#8211; Jahvi ili Baalu. Ilijinu \u017ertvu na Karmelu progutao je oganj s neba, \u010dime je obratio srca izraelskog naroda i dokazao da je Jahve jedini istiniti Bog.<\/p>\n<p>Iz Knjige kraljeva razabire se kako Ilija, da bi postigao svoj cilj, radi u tri pravca:<\/p>\n<ul>\n<li>iznosi razloge nepravde struktura dru\u0161tva koje skrivaju narodu pravo lice Jahve i \u017eeli ubla\u017eiti te nepravde.<\/li>\n<li>Zatim poti\u010de vjeru naroda, primjerice to \u010dini po \u017ertvi na goru Karmelu kad su pobijeni proroci Baala.<\/li>\n<li>I tre\u0107e, poti\u010de na jednakost zajednice naroda. Posebno ga smeta da je narodu ukradena svijest o Bogu i Savezu, \u0161to je najve\u0107e blago \u017eidovskog naroda.<\/li>\n<\/ul>\n<p><a href=\"https:\/\/karmel.hr\/wp-content\/uploads\/2015\/01\/Elijah-and-Elisha.jpg\"><img loading=\"lazy\" decoding=\"async\" class=\"alignleft size-medium wp-image-1299\" src=\"https:\/\/karmel.hr\/wp-content\/uploads\/2015\/01\/Elijah-and-Elisha-300x197.jpg\" alt=\"Elijah and Elisha\" width=\"300\" height=\"197\" srcset=\"https:\/\/karmel.hr\/wp-content\/uploads\/2015\/01\/Elijah-and-Elisha-300x197.jpg 300w, https:\/\/karmel.hr\/wp-content\/uploads\/2015\/01\/Elijah-and-Elisha.jpg 450w\" sizes=\"auto, (max-width: 300px) 100vw, 300px\" \/><\/a>U 2. Knjizi o kraljevima ( 2 Kr 2,15) \u010ditamo da je&#8221;duh Ilijin po\u010dinuo na Elizeju&#8221;, pa tako i na njegove privilegirane sinove. I dana\u0161nji karmeli\u0107ani i karmeli\u0107anke, ukoliko \u017eele slijediti svoga oca Iliju, od njega tra\u017ee da im u dio padne obilje njegovog duha. Ilija prorok, koji je imao misiju &#8220;obratiti srca sinova k ocima i srca o\u010deva s sinovima&#8221; (Mal 3,24), treba tu svoju misiju nastaviti kroz one koji se nadahnjuju na njegovu \u017eivotu. Njegova je proro\u010dka misija bila u tome da obnovi u narodu svijest prave vjere i zna\u010denje savezni\u0161tva s Bogom.<\/p>\n<p>&#8220;Ustao je prorok Ilija kao oganj, rije\u010d mu plamtjela kao buktinja&#8230;&#8221;, kako pi\u0161e Sirah (poglavlje 48,redak 1). Snagom svoga proro\u010dkog poziva iznosio je pred sinove Izraelove bitne istine vjere i morala koje jo\u0161 i danas vrijede. Bio je oru\u0111e u Bo\u017ejim rukama. Po njemu Bog je podr\u017eao \u017eidovski narod u pravoj vjeri, kad dr\u017eavne vlasti napu\u0161taju pravoga Boga da bi opravdale svoje politi\u010dke planove. \u0160to je u tom kontekstu u\u010dinio Ilija, dramati\u010dno je opisano u spomenutoj Knjizi Sirahovoj ovim rije\u010dima:<\/p>\n<blockquote><p><span style=\"color: #993300;\"><strong>&#8220;(Ilija) je na njih donio glad i revno\u0161\u0107u je svojom umanjio njihov broj (tj. onda kad je dao pogubiti sve\u0107enike boga Baala). Po rije\u010di je Bo\u017ejoj nebo zatvorio i tri puta oganj s neba sveo. Kako si stra\u0161an bio, Ilija, u \u010dudesima svojim! I mo\u017ee li se itko di\u010diti koliko ti? Podigao si mrtva od smrti i iz Podzemlja po rije\u010di Svevi\u0161njeg. Bacio si u propast kraljeve i vukao odli\u010dnike s odra njihova. Na Sinaju si \u010duo ukore i sud osvetni na Horebu. Pomazao si kraljeve osvetni\u010dke i proroka sebi za nasljednika. Podignut si bio u vihoru ognja, u kolima s plamenim konjima&#8221;<\/strong> (48, 2-9).<\/span><\/p><\/blockquote>\n<h5>Iz dokumenta &#8220;Ratio Institutionis Vitae Carmelitanae. Formacija u Karmelu: put preobrazbe&#8221;:<\/h5>\n<h5><span style=\"color: #993300;\">Stopama proroka Ilije<\/span><\/h5>\n<p>Neki hodo\u010dasnici koji su dolazili sa zapada u Svetu zemlju odabrahu Karmel za mjesto pustinja\u010dkog i bratskog \u017eivota.\u00a0 Smjesti\u0161e se kraj tzv. &#8220;Ilijinog vrela&#8221; nastavljaju\u0107i tako jednu dugu tradiciju pustinjsko-mona\u0161ke prisutnosti. Na tom mjestu jo\u0161 uvijek \u017eivi sje\u0107anje na gorljivog Gospodnjeg proroka Iliju \u010dija rije\u010d plamti poput buktinje; proroka koji stoji u Bo\u017ejoj prisutnosti uvijek spreman da Mu slu\u017ei i vr\u0161i Njegovu Rije\u010d; proroka koji upire prstom na pravog Gospodina kako bi narod prestao sjediti na dvije stolice; proroka koji poti\u010de svoje da usmjere svoju egzistenciju jedino prema Gospodinu; proroka koji je pozoran na glas Bo\u017eji kao i na jauk siromaha, koji zna zagovarati Jedinog i Njegove miljenike &#8212; posljednje.<\/p>\n<p>Karmeli\u0107ani se sje\u0107aju i na odre\u0111eni na\u010din iznova pro\u017eivljavaju iskustvo proroka: sakrivaju se u pustinji tijekom su\u0161e i ulaze u okr\u0161aj sa la\u017enim prorocima mrtvog idola koji nije u stanju podariti \u017eivot. Slijede ga na dugom putu natrag u pustinju stopama Otaca sve do gore Horeb gdje susre\u0107e Gospodina na nov i neo\u010dekivan na\u010din i spoznaje da je prisutan i ondje gdje se \u010dini da je odsutan. Dijele njegovu \u017ee\u0111 za pravdom i osje\u0107aju se na odre\u0111en na\u010din kao Elizej, nasljednicima onog pla\u0161ta koji se spustio s neba iz plamenova ognjenih kola.<\/p>\n<h5><span style=\"color: #993300;\">\u00a0Kraj Ilijinog vrela<\/span><\/h5>\n<p>Ondje, &#8220;kraj vrela&#8221;, pustinjaci karmeli\u0107ani u\u010dinili su svoje prve korake dugog hoda koji se nastavlja sve do nas stazama ozna\u010denim &#8220;kartom&#8221; Pravila sv. Alberta. Tako je Ilija, za njih i za bra\u0107u poslije njih, postao osoba koja je prva utjelovila ideal \u017eivota koji ih je potaknuo da ostave svoje domove. Osje\u0107ali su se njegovim sinovima, ba\u0161tinicima duhovnog bogatstva koje je razli\u010ditim putevima do\u0161lo do njih.<\/p>\n<p>Sakupljali su \u017eidovske i kr\u0161\u0107anske spise koji su se ticali Ilije, i\u0161\u010ditavali ih na njima svojstven na\u010din i ku\u0161ali \u017eivotnost tih tekstova. Ilija, koji je u mona\u0161koj tradiciji smatran prvim monahom i uzorom kontemplativnog \u017eivota, s vremenom je za karmeli\u0107ane postao protulik mistika i prorok spreman podu\u010diti zajednicu sljedbenika slavljenju Boga, branitelj Bo\u017ejeg prava i borac u obrani posljednjih. Onda\u0161nji i dana\u0161nji karmeli\u0107ani nazivaju Iliju svojim vlastitim &#8220;Ocem&#8221;, ne u povijesnom ili materijalnom smislu ve\u0107 zbog vrijednosti koje njegov lik predstavlja.<\/p>\n","protected":false},"excerpt":{"rendered":"<p>U svojim nastojanjima da slijede Krista izbliza karmelska obitelj nadahnjuje se \u017eivotom starozavjetnog proroka Ilije. Nazivamo ga svojim ocem i utemeljiteljem i to ne u materijalnom ve\u0107 u duhovnom zna\u010denju tog pojma. O povezanosti karmeli\u0107ana sa Ilijom prorokom prvi je posvjedo\u010dio biskup Akka, Jacques de Vitry (+ 1240), koji tvrdi da karmeli\u0107ani-pustinjaci \u017eive kod vrela &hellip; <a href=\"https:\/\/karmel.hr\/?page_id=1297\" class=\"more-link\">Nastavi \u010ditati <span class=\"screen-reader-text\">Prorok Ilija<\/span> <span class=\"meta-nav\">&rarr;<\/span><\/a><\/p>\n","protected":false},"author":1,"featured_media":1222,"parent":106,"menu_order":0,"comment_status":"open","ping_status":"open","template":"","meta":{"footnotes":""},"class_list":["post-1297","page","type-page","status-publish","has-post-thumbnail","hentry"],"jetpack_sharing_enabled":true,"jetpack-related-posts":[],"_links":{"self":[{"href":"https:\/\/karmel.hr\/index.php?rest_route=\/wp\/v2\/pages\/1297","targetHints":{"allow":["GET"]}}],"collection":[{"href":"https:\/\/karmel.hr\/index.php?rest_route=\/wp\/v2\/pages"}],"about":[{"href":"https:\/\/karmel.hr\/index.php?rest_route=\/wp\/v2\/types\/page"}],"author":[{"embeddable":true,"href":"https:\/\/karmel.hr\/index.php?rest_route=\/wp\/v2\/users\/1"}],"replies":[{"embeddable":true,"href":"https:\/\/karmel.hr\/index.php?rest_route=%2Fwp%2Fv2%2Fcomments&post=1297"}],"version-history":[{"count":7,"href":"https:\/\/karmel.hr\/index.php?rest_route=\/wp\/v2\/pages\/1297\/revisions"}],"predecessor-version":[{"id":1307,"href":"https:\/\/karmel.hr\/index.php?rest_route=\/wp\/v2\/pages\/1297\/revisions\/1307"}],"up":[{"embeddable":true,"href":"https:\/\/karmel.hr\/index.php?rest_route=\/wp\/v2\/pages\/106"}],"wp:featuredmedia":[{"embeddable":true,"href":"https:\/\/karmel.hr\/index.php?rest_route=\/wp\/v2\/media\/1222"}],"wp:attachment":[{"href":"https:\/\/karmel.hr\/index.php?rest_route=%2Fwp%2Fv2%2Fmedia&parent=1297"}],"curies":[{"name":"wp","href":"https:\/\/api.w.org\/{rel}","templated":true}]}}