{"id":265,"date":"2014-12-29T08:34:24","date_gmt":"2014-12-29T08:34:24","guid":{"rendered":"http:\/\/karmel.hr\/?page_id=265"},"modified":"2024-06-07T19:46:51","modified_gmt":"2024-06-07T17:46:51","slug":"svjedocanstva","status":"publish","type":"page","link":"https:\/\/karmel.hr\/?page_id=265","title":{"rendered":"SVJEDO\u010cANSTVA"},"content":{"rendered":"<div class=\"innercontent\">\n<h4><a href=\"https:\/\/karmel.hr\/wp-content\/uploads\/2024\/06\/IMG_6520.jpeg\"><img loading=\"lazy\" decoding=\"async\" class=\"aligncenter size-full wp-image-21719\" src=\"https:\/\/karmel.hr\/wp-content\/uploads\/2024\/06\/IMG_6520.jpeg\" alt=\"\" width=\"1500\" height=\"1500\" srcset=\"https:\/\/karmel.hr\/wp-content\/uploads\/2024\/06\/IMG_6520.jpeg 1500w, https:\/\/karmel.hr\/wp-content\/uploads\/2024\/06\/IMG_6520-300x300.jpeg 300w, https:\/\/karmel.hr\/wp-content\/uploads\/2024\/06\/IMG_6520-1024x1024.jpeg 1024w, https:\/\/karmel.hr\/wp-content\/uploads\/2024\/06\/IMG_6520-150x150.jpeg 150w, https:\/\/karmel.hr\/wp-content\/uploads\/2024\/06\/IMG_6520-768x768.jpeg 768w\" sizes=\"auto, (max-width: 1500px) 100vw, 1500px\" \/><\/a><a href=\"https:\/\/karmel.hr\/wp-content\/uploads\/2024\/06\/7ae6495a-7744-4287-84be-25a15768064f.jpg\"><img loading=\"lazy\" decoding=\"async\" class=\"aligncenter size-full wp-image-21720\" src=\"https:\/\/karmel.hr\/wp-content\/uploads\/2024\/06\/7ae6495a-7744-4287-84be-25a15768064f.jpg\" alt=\"\" width=\"1500\" height=\"1500\" srcset=\"https:\/\/karmel.hr\/wp-content\/uploads\/2024\/06\/7ae6495a-7744-4287-84be-25a15768064f.jpg 1500w, https:\/\/karmel.hr\/wp-content\/uploads\/2024\/06\/7ae6495a-7744-4287-84be-25a15768064f-300x300.jpg 300w, https:\/\/karmel.hr\/wp-content\/uploads\/2024\/06\/7ae6495a-7744-4287-84be-25a15768064f-1024x1024.jpg 1024w, https:\/\/karmel.hr\/wp-content\/uploads\/2024\/06\/7ae6495a-7744-4287-84be-25a15768064f-150x150.jpg 150w, https:\/\/karmel.hr\/wp-content\/uploads\/2024\/06\/7ae6495a-7744-4287-84be-25a15768064f-768x768.jpg 768w\" sizes=\"auto, (max-width: 1500px) 100vw, 1500px\" \/><\/a><a href=\"https:\/\/karmel.hr\/wp-content\/uploads\/2024\/06\/4ce0e552-3db0-4041-880b-6881f9fa8692.jpg\"><img loading=\"lazy\" decoding=\"async\" class=\"aligncenter size-full wp-image-21721\" src=\"https:\/\/karmel.hr\/wp-content\/uploads\/2024\/06\/4ce0e552-3db0-4041-880b-6881f9fa8692.jpg\" alt=\"\" width=\"1500\" height=\"1500\" srcset=\"https:\/\/karmel.hr\/wp-content\/uploads\/2024\/06\/4ce0e552-3db0-4041-880b-6881f9fa8692.jpg 1500w, https:\/\/karmel.hr\/wp-content\/uploads\/2024\/06\/4ce0e552-3db0-4041-880b-6881f9fa8692-300x300.jpg 300w, https:\/\/karmel.hr\/wp-content\/uploads\/2024\/06\/4ce0e552-3db0-4041-880b-6881f9fa8692-1024x1024.jpg 1024w, https:\/\/karmel.hr\/wp-content\/uploads\/2024\/06\/4ce0e552-3db0-4041-880b-6881f9fa8692-150x150.jpg 150w, https:\/\/karmel.hr\/wp-content\/uploads\/2024\/06\/4ce0e552-3db0-4041-880b-6881f9fa8692-768x768.jpg 768w\" sizes=\"auto, (max-width: 1500px) 100vw, 1500px\" \/><\/a><a href=\"https:\/\/karmel.hr\/wp-content\/uploads\/2024\/06\/IMG_5587.jpeg\"><img loading=\"lazy\" decoding=\"async\" class=\"aligncenter size-full wp-image-21722\" src=\"https:\/\/karmel.hr\/wp-content\/uploads\/2024\/06\/IMG_5587.jpeg\" alt=\"\" width=\"1500\" height=\"1500\" srcset=\"https:\/\/karmel.hr\/wp-content\/uploads\/2024\/06\/IMG_5587.jpeg 1500w, https:\/\/karmel.hr\/wp-content\/uploads\/2024\/06\/IMG_5587-300x300.jpeg 300w, https:\/\/karmel.hr\/wp-content\/uploads\/2024\/06\/IMG_5587-1024x1024.jpeg 1024w, https:\/\/karmel.hr\/wp-content\/uploads\/2024\/06\/IMG_5587-150x150.jpeg 150w, https:\/\/karmel.hr\/wp-content\/uploads\/2024\/06\/IMG_5587-768x768.jpeg 768w\" sizes=\"auto, (max-width: 1500px) 100vw, 1500px\" \/><\/a><\/h4>\n<h4 style=\"text-align: center;\"><span style=\"color: #993300;\">+ + +<\/span><\/h4>\n<p class=\"yiv8906150526MsoNormal\">Opet bih dao sve.<\/p>\n<p class=\"yiv8906150526MsoNormal\">Bojao sam se Bogu dati sve za \u0161to sam toliko radio, sve \u0161to sam imao. Bojao sam se ostaviti sve obale iza sebe, bojao sam se povrijediti svoju obitelj i ostaviti karijeru koja mi je bila nadohvat ruke. Bojao sam se samo\u0107e, usamljenosti, toga \u0161to nikada ne\u0107u imati podr\u0161ku ni zagrljaj ni toplinu ne\u010dijeg srca koje \u0107e kucati pokraj mojega. Bojao sam se ostaviti svijet, a da nisam ostavio svoj trag, da nisam ispunio svijet dje\u010djim osmijesima. Godinu dana sam proveo sva\u0111aju\u0107i se s Bogom i smi\u0161ljaju\u0107i sve razloge za\u0161to ne trebam ostaviti sve i po\u0107i za Njim. I osjetio sam da mi daje slobodu izbora, da mi govori \u0161to je bolje za mene, ali da sam slobodan postupati kako \u017eelim. I osjetio sam da nikad ne\u0107u biti sretan ako mu se ne predam potpuno. I osjetio sam da sam stvoren za sre\u0107u. I osjetio sam da volim i da \u017eelim i da sam spreman krenuti.<\/p>\n<p class=\"yiv8906150526MsoNormal\">S vremenom leptiri\u0107i odlete i rijeke presu\u0161e i nebesa se zatamne. S vremenom nestanu i zvijezde i mjesec i poplo\u010dane staze koje te vode do cilja. I um ti se buni i \u017eali, i \u017eeludac se ste\u017ee, ali uvijek \u010duje\u0161 tihi glas koji ti govori da si ondje gdje ti je mjesto. Osjeti\u0161 tanku svilenu nit u svojoj ruci koja te vodi cilju premda misli\u0161 da stoji\u0161 i da pada\u0161 i da se vra\u0107a\u0161 natrag. Ma kako paradoksalno zvu\u010dalo, osjeti\u0161 da si voljen premda to ne osjeti\u0161, osjeti\u0161 da si vo\u0111en premda to ne osjeti\u0161. Osjeti\u0161 da On vjeran ostaje svojim obe\u0107anjima, da \u0107e\u0161 biti sretan kad jo\u0161 i ovu zadnju obalu ostavi\u0161.<\/p>\n<p class=\"yiv8906150526MsoNormal\">S vremenom na pu\u010dini, kad gotovo odustane\u0161 od toga da uzdi\u017ee\u0161 pogled prema nebu, ponovno ugleda\u0161 zvijezde i osjeti\u0161 vjetar u jedrima i glas koji ti govori: \u201eTvoj sam i ti si moj. Tvoje je sve moje jer svoje si mi sve ve\u0107 dao.\u201c I vidi\u0161 nebesa i zemlju i ljude i vidi\u0161 da je sve tvoje jer sve ti to sa svoga dlana daje. I \u010duje\u0161 radost osmijeha djece kojoj si poslan. I pod prstima osjeti\u0161 obrisane suze onih koje ti Bog \u0161alje. I vidi\u0161 da je ono \u0161to si ostavio samo posijano da urodi stostruko. I shvati\u0161 da nisi sam, ve\u0107 da te uvijek netko za ruku vodio. I da si voljen, jer On te voli odvijeka. I dovijeka! I shvati\u0161 da ne\u010dije probodeno srce kuca kraj tvojega.<\/p>\n<p class=\"yiv8906150526MsoNormal\">I shvati\u0161 da su ti sve \u017eelje ostvarene.<\/p>\n<p class=\"yiv8906150526MsoNormal\">Shvati\u0161 da si sretan.<\/p>\n<p class=\"yiv8906150526MsoNormal\">I shvati\u0161 da bi opet dao sve, i da bi opet to u\u010dinio stotinu puta. I shvati\u0161 da bi to u\u010dinio gorljivije, br\u017ee, potpunije, bez granica i ko\u010dnica, da bi usko\u010dio u svaki plamen koji \u0107e pro\u017edrijeti sve ono \u0161to si ti dok ne ostane samo ono \u0161to je On.<\/p>\n<p class=\"yiv8906150526MsoNormal\">I shvati\u0161 da voli\u0161. Da jo\u0161 uvijek voli\u0161, da su leptiri\u0107i koji su odletjeli samo dozvali u tvoju du\u0161u prolje\u0107e i sunce i ptice. I shvati\u0161 da ne treba\u0161 vi\u0161e ni\u0161ta osim Njega koji je Sve. I shvati\u0161 da ne \u017eeli\u0161 ni\u0161ta osim Njega koji je oduvijek i bio jedini izvor tvoje sre\u0107e i kad to nisi vidio ispod svog kamenja svojih navezanosti i strahova i boli i rana.<\/p>\n<p class=\"yiv8906150526MsoNormal\">I shvati\u0161 da si dohvatio svoje snove.<\/p>\n<p class=\"yiv8906150526MsoNormal\">Shvati\u0161 da si sretan.<\/p>\n<h4 style=\"text-align: center;\"><span style=\"color: #993300;\">+ + +<\/span><\/h4>\n<h4 class=\"sfhover\"><span style=\"color: #993300;\">Osobna svjedo\u010danstva o duhovnom pozivu<\/span><\/h4>\n<p align=\"justify\">&#8211; Osje\u0107ao sam od samoga po\u010detka da je ovo moja obitelj, pogotovo jer u Karmelu, niti o svetoj Tereziji od Isusa, o Ivanu od Kri\u017ea, niti o Tereziji od Djeteta Isusa nisam znao ni\u0161ta, a samostan sam karmeli\u0107ana upoznao preko svog jednog dragog prijatelja.<br \/>\nKad sam osjetio da je do\u0161ao taj trenutak da napravim korak, da vidim dal me Bog zove u redovni\u010dku zajednicu, do\u0161ao sam u Karmel.<br \/>\nBo\u017eja je milost kad osjeti\u0161 da si tu, da se osje\u0107a\u0161 doma, kada pomalo upoznaje\u0161 karizmu i kad vidi\u0161 da to ba\u0161 tebi odgovara, da ba\u0161 kroz sve to tebi Bog progovara, i da te kroz Karmel zove bli\u017ee k sebi i vodi te na putu prema vje\u010dnosti. (S. V.)<\/p>\n<\/div>\n<div id=\"latestnews2\">\n<div class=\"innercontent\">\n<div id=\"latestnews3\">\n<div class=\"newsitem\">\n<h3><\/h3>\n<p align=\"justify\">&#8211; Zahvaljujem dragome Bogu \u0161to me je pozvao i \u0161to me neprestano poziva, jer redovni\u010dki poziv nije gotova stvar. On mora neprestano rasti i razvijati se.<br \/>\nSje\u0107am se kada sam prvi put do\u0161ao iz svoga mjesta u samostan, nisam stvarno znao ni gdje idem i tko \u0107e me tamo do\u010dekati, jednostavno to je bio put u nepoznato.<br \/>\nO Karmelu nisam puno znao, jedino ne\u0161to malo preko sv. Terezije od Djeteta Isusa, no Bog se pobrinuo da do\u0111em ovdje, da vidim kakav je to na\u010din \u017eivota.\u00a0Kao \u0161to je Isus rekao: <em>Do\u0111ite i vidite i ostado\u0161e kod njega onaj dan.<\/em> (Z. \u017d.)<\/p>\n<\/div>\n<\/div>\n<\/div>\n<div class=\"innercontent\">\n<div id=\"latestnews4\">\n<div class=\"newsitem\">\n<h3><\/h3>\n<p align=\"justify\">&#8211; Ve\u0107 sam od djetinjstva osje\u0107ao poziv na redovni\u010dki \u017eivot. No Bog me je polako privla\u010dio sebi. Njegova milost usadila mi je \u017eelju da poma\u017eem ljudima. To sam najprije nastojao ostvarivati u medicinskom pozivu.<br \/>\nSje\u0107am se mnogih bolesnika kojima sam bio blizu u njihovim posljednjim \u017eivotnim trenucima, sje\u0107am se onih ljudi u komi, sje\u0107am se sve one bolesne djece, sje\u0107am se kada sam sudjelovao u spa\u0161avanju \u017eivota, sje\u0107am se onih prekrasnih trenutaka kada sam u ra\u0111aonici pomagao u poro\u0111aju i radovao se novim \u017eivotima\u2026 sje\u0107am se svih tih milosnih dana koji su mi pokazali put prema redovni\u0161tvu.<br \/>\nZnao sam da me Bog zove da budem blizu ljudima, no ipak u sebi sam neprestano osje\u0107ao poziv da poma\u017eem ljudima ne samo tjelesno nego i duhovno.<br \/>\nU Karmelu sam otkrio svoje mjesto. I danas kao redovnik i sve\u0107enik slu\u017eim Bogu u svakome \u010dovjeku koji trpi u tijelu ili du\u0161i.<\/p>\n<p align=\"justify\">Bogu hvala na milosti poziva! (A. M.)<\/p>\n<\/div>\n<\/div>\n<\/div>\n<div class=\"innercontent\">\n<div id=\"latest-news\">\n<div class=\"newsitem\">\n<h3><\/h3>\n<p align=\"justify\">&#8211; Te\u0161kom mukom do\u0161ao sam u samostan. Sedam godina \u010dekao sam o\u010devu odluku da me pusti u samostan. U obitelji nas je bilo devetoro bra\u0107e i sestara, ja najstariji, i trebalo je s ocem raditi da se mo\u017eemo prehraniti. Od oca sam nau\u010dio drvodjelski obrt, i to mi sad zlata vrijedi.<br \/>\nU misijama (u Bagdadu od 1937. do 1967.) sam sve radio: klupe, ormare, stolice\u2026 pa i ovdje u Remetama. Najvi\u0161e me veseli rad. Ustajem u 3 sata ujutro. \u010citam Sveto Pismo, molim se u crkvi, pro\u0161etam vrtom, tako do 6 sati, kad zapo\u010dinje zajedni\u010dka jutarnja misa. Nakon toga posao.<br \/>\nOnda sam ja u svome svijetu, radostan, jer ponovno mogu razmi\u0161ljati i moliti.<\/p>\n<p align=\"justify\">(svjedo\u010danstvo brata redovnika neklerika Lovre, koji je umro na glasu svetosti 1976.)<\/p>\n<\/div>\n<\/div>\n<\/div>\n<\/div>\n<h4 style=\"text-align: center;\"><span style=\"color: #993300;\">+ + +<\/span><\/h4>\n<h4 class=\"yiv8906150526MsoNormal\"><span style=\"color: #993300;\">Za sva pitanja vezano uz poziv i razlu\u010divanje slobodno se obratite o. Jakovu Mili\u0107u:<\/span><\/h4>\n<p class=\"yiv8906150526MsoNormal\">Instagram: br.jakov<\/p>\n<p class=\"yiv8906150526MsoNormal\">Facebook: brat Jakov od Kri\u017ea<\/p>\n<p class=\"yiv8906150526MsoNormal\">Whatsapp: +385 98 16 86 417<\/p>\n<p class=\"yiv8906150526MsoNormal\">E-mail: <a href=\"mailto:milic.jakov@gmail.com\" target=\"_blank\" rel=\"nofollow noopener noreferrer\">milic.jakov@gmail.com<\/a><\/p>\n","protected":false},"excerpt":{"rendered":"<p>+ + + Opet bih dao sve. Bojao sam se Bogu dati sve za \u0161to sam toliko radio, sve \u0161to sam imao. Bojao sam se ostaviti sve obale iza sebe, bojao sam se povrijediti svoju obitelj i ostaviti karijeru koja mi je bila nadohvat ruke. Bojao sam se samo\u0107e, usamljenosti, toga \u0161to nikada ne\u0107u imati &hellip; <a href=\"https:\/\/karmel.hr\/?page_id=265\" class=\"more-link\">Nastavi \u010ditati <span class=\"screen-reader-text\">SVJEDO\u010cANSTVA<\/span> <span class=\"meta-nav\">&rarr;<\/span><\/a><\/p>\n","protected":false},"author":1,"featured_media":0,"parent":0,"menu_order":0,"comment_status":"open","ping_status":"open","template":"","meta":{"footnotes":""},"class_list":["post-265","page","type-page","status-publish","hentry"],"jetpack_sharing_enabled":true,"jetpack-related-posts":[],"_links":{"self":[{"href":"https:\/\/karmel.hr\/index.php?rest_route=\/wp\/v2\/pages\/265","targetHints":{"allow":["GET"]}}],"collection":[{"href":"https:\/\/karmel.hr\/index.php?rest_route=\/wp\/v2\/pages"}],"about":[{"href":"https:\/\/karmel.hr\/index.php?rest_route=\/wp\/v2\/types\/page"}],"author":[{"embeddable":true,"href":"https:\/\/karmel.hr\/index.php?rest_route=\/wp\/v2\/users\/1"}],"replies":[{"embeddable":true,"href":"https:\/\/karmel.hr\/index.php?rest_route=%2Fwp%2Fv2%2Fcomments&post=265"}],"version-history":[{"count":5,"href":"https:\/\/karmel.hr\/index.php?rest_route=\/wp\/v2\/pages\/265\/revisions"}],"predecessor-version":[{"id":21729,"href":"https:\/\/karmel.hr\/index.php?rest_route=\/wp\/v2\/pages\/265\/revisions\/21729"}],"wp:attachment":[{"href":"https:\/\/karmel.hr\/index.php?rest_route=%2Fwp%2Fv2%2Fmedia&parent=265"}],"curies":[{"name":"wp","href":"https:\/\/api.w.org\/{rel}","templated":true}]}}