{"id":326,"date":"2014-12-30T09:49:59","date_gmt":"2014-12-30T09:49:59","guid":{"rendered":"http:\/\/karmel.hr\/?page_id=326"},"modified":"2014-12-30T11:52:13","modified_gmt":"2014-12-30T11:52:13","slug":"karmel-sv-obitelji-i-sv-mihaela-u-zupi-nenshat-albanija","status":"publish","type":"page","link":"https:\/\/karmel.hr\/?page_id=326","title":{"rendered":"Karmel sv. Obitelji i sv. Mihaela u \u017eupi N\u00ebnshat, Albanija"},"content":{"rendered":"<p align=\"justify\">U \u017eupi N\u00ebnshat, u Albaniji utemeljen je i blagoslovljen 29. rujna 2003. godine\u00a0 &#8220;Karmel sv. Obitelji i sv. Mihaela&#8221;, prvi Karmel klauzurnih karmeli\u0107anki (OCD) u Albaniji. Utemeljile su ga hrvatske karmeli\u0107anke, okupljene iz triju samostana u Hrvatskoj: Brezovica, Klo\u0161tar Ivani\u0107 i \u0110akova\u010dka Breznica. &#8220;Glas Koncila&#8221; je u br. 21 od 25. svibnja 2003. ve\u0107 op\u0161irno izvijestio o odlasku karmeli\u0107anki u Albaniju, a sada je samostansko zdanje ve\u0107 do te mjere dovr\u0161eno, da je samostan mogao biti i kanonski utemeljen i blagoslovljen te klauzura zatvorena.<\/p>\n<p align=\"justify\">Albanija je misijska zemlja. Procjenjuje se da nakon strahovlade Envera Hod\u017ee i pada komunisti\u010dke diktature u zemlji danas \u017eivi oko 15 posto katolika, 25 posto pravoslavnih i 60 posto muslimana. Katolici u Albaniji \u017eive u \u0161est biskupija kojima upravljaju biskupi ili apostolski administratori. Biskupija Sapa, u kojoj su hrvatske karmeli\u0107anke utemeljile prvi Karmel u Albaniji, ima oko 100.000 vjernika te je &#8211; nakon skadarske biskupije koja broji oko 150.000 katolika &#8211; druga po veli\u010dini biskupija u Albaniji. Dana\u0161nje sjedi\u0161te biskupije je u mjestu Vau-Dejes, gdje rezidira apostolski administrator msgr. Dod\u00eb Gjergji. Biskupija ima 29 \u017eupa koje su podijeljene u nekoliko pastoralnih zona, budu\u0107i da se za njih skrbi samo pet doma\u0107ih biskupijskih sve\u0107enika i \u010detiri strana redovni\u010dka sve\u0107enika &#8211; misionara (3 kapucina i 1 franjevac), a u biskupiji djeluje i 11 \u017eenskih redovni\u010dkih zajednica.<\/p>\n<p align=\"justify\">Prve molbe albanske Crkve za utemeljenjem Karmela u Albaniji upu\u0107ene su bile Karmelu u Brezovici i nadle\u017enom ordinariju, pok. nadbiskupu kardinalu Franji Kuhari\u0107u, jo\u0161 1995., a kada su sestre 2001. godine na opetovano tra\u017eenje bile u mogu\u0107nosti pozitivno odgovoriti prona\u0111ena je lokacija te je u o\u017eujku 2002. zapo\u010dela gradnja samostana, koji je zahvaljuju\u0107i anga\u017eiranosti msgr. Dod\u00eb i donacijama brojnih dobrotvora sada najve\u0107im dijelom dovr\u0161en.<\/p>\n<p align=\"justify\">Albanija je jo\u0161 uvijek vrlo siroma\u0161na zemlja. Pristupne ceste do Karmela, sli\u010dno kao i u mnogim drugim dijelovima Albanije prili\u010dno su u lo\u0161em stanju, elektri\u010dnu struju karmeli\u0107anke kao i ostalo pu\u010danstvo dobivaju &#8220;reducirano&#8221;, samo u pojedinim razdobljima dana i no\u0107i. Sretna je okolnost \u0161to se odmah u blizini samostana nalazi izvor vode, odakle je voda dovedena u samostan te nije bio neophodan priklju\u010dak na vodovodne i kanalizacijske mre\u017ee. Samostan je podignut u mjestu N\u00ebnshat, upravo na mjestu gdje je ve\u0107 u vrijeme predturske vlasti bilo sjedi\u0161te biskupije Sapa i gdje se sve do 1946. nalazilo sjemeni\u0161te kojega su ateisti\u010dke komunisti\u010dke vlasti zatvorile. Budu\u0107i da je Enver Hod\u017ea bio zabranio svaku vjeru i Albaniju proglasio prvom ateisti\u010dkom zemljom na svijetu, komunisti su 1968. mu\u010deni\u010dki ubili biskupa mons. Gjergija Volaja (ako smo dobro razumjeli ba\u010den je u vreli katran), biskupska kurija je zatvorena a od naroda je zatra\u017eeno da poru\u0161i crkvu. Premda su to ljudi odbili, crkva je zatvorena i opusto\u0161ena. Na razvalinama zdanja nekada\u0161njeg biskupijskog sjedi\u0161ta, visoko na kamenim planinskim uzvisinama ponikao je sada Karmel, &#8220;vrt Bo\u017eji&#8221;, koji se poput &#8220;grada na gori&#8221; prelijepo uzdi\u017ee iznad albanskih ravnica. Msgr. Dod\u00eb, nekada\u0161nji student Katoli\u010dkog bogoslovnog Fakulteta u Zagrebu, pri\u010du o novom Karmelu u svojoj biskupiji sa\u017eeo je u rije\u010di: &#8220;Bog je htio, sestre prihvati\u0161e, dobro\u010dinitelji su nam omogu\u0107ili, suradnici su ga ostvarili, a ja se radujem da smo postigli&#8221;.<\/p>\n<p align=\"justify\">U Karmel je iz Hrvatske do\u0161lo \u0161est sestara, \u010detiri Hrvatice i dvije Albanke. Sada, nakon samo nekoliko mjeseci ve\u0107 ih je sedam, budu\u0107i da je dan prije blagoslova samostana obred redovni\u010dkog obla\u010denja imala jedna nova sestra, Albanka. O. Zdenko Kri\u017ei\u0107 je u svome pozdravnom govoru nastanak prvog Karmela u Albaniji usporedio sa nastankom prvog karmela u Hrvatskoj 1939. godine. Kao \u0161to je tada, zahvaljuju\u0107i tome \u0161to je u to vrijeme u austrijskim karmelima bilo sestara Hrvatica, koje je sv. kardinal Alojzije Stepinac mogao pozvati i okupiti u novoutemeljenom Karmelu u Brezovici, tako je i sada, zahvaljuju\u0107i tome \u0161to je u hrvatskim karmelima bilo sestara Albanki bilo mogu\u0107e utemeljiti ovaj prvi Karmel u N\u00ebnshatu, u Albaniji.<\/p>\n<p align=\"justify\">U sve\u010danoj euharistiji na otvorenom i kod blagoslova samostana koje je predvodio apostolski administrator msgr. Dod\u00eb Gjergji, uz brojne albanske vjernike, sudjelovao je i velik broj sve\u0107enika, redovnika i redovnica iz Albanije i inozemstva, osobito iz Hrvatske i Italije, me\u0111u kojima i apostolski nuncij u Albaniji msgr. Giovanni Bulaitis, nadbiskup barski Zef Gashi, generalni vikar reda Bosonogih karmeli\u0107ana iz Rima, o. Zdenko Kri\u017ei\u0107, apostolski administrator biskupije Bajza msgr. Gjurashaj Prela, generalni vikar skadarske nadbiskupije msgr. Lucian Augustini, Provincijal kapucinske provincije u Bariju (Italija) P. Diego, Msgr. Ignac Dema, Provincijalni delegat za klauzurne karmeli\u0107anke i Asistent Udruge samostana hrvatskih karmeli\u0107anki o. Jure Ze\u010devi\u0107, Predsjednica iste Udruge \u010casna majka Gabriela Batelja, Priorica Karmela u Brezovici \u010casna majka Ilijana Cvetni\u0107,\u00a0 vl\u010d. Andrija Vrane te niz drugih uzvanika i gostiju sa raznih strana. Nakon obreda prire\u0111en je i prigodni program sa kulturolo\u0161kim i folklornim sadr\u017eajima te objedom za sav vjerni\u010dki narod i uzvanike.<\/p>\n","protected":false},"excerpt":{"rendered":"<p>U \u017eupi N\u00ebnshat, u Albaniji utemeljen je i blagoslovljen 29. rujna 2003. godine\u00a0 &#8220;Karmel sv. Obitelji i sv. Mihaela&#8221;, prvi Karmel klauzurnih karmeli\u0107anki (OCD) u Albaniji. Utemeljile su ga hrvatske karmeli\u0107anke, okupljene iz triju samostana u Hrvatskoj: Brezovica, Klo\u0161tar Ivani\u0107 i \u0110akova\u010dka Breznica. &#8220;Glas Koncila&#8221; je u br. 21 od 25. svibnja 2003. ve\u0107 op\u0161irno &hellip; <a href=\"https:\/\/karmel.hr\/?page_id=326\" class=\"more-link\">Nastavi \u010ditati <span class=\"screen-reader-text\">Karmel sv. Obitelji i sv. Mihaela u \u017eupi N\u00ebnshat, Albanija<\/span> <span class=\"meta-nav\">&rarr;<\/span><\/a><\/p>\n","protected":false},"author":1,"featured_media":328,"parent":92,"menu_order":0,"comment_status":"open","ping_status":"open","template":"","meta":{"footnotes":""},"class_list":["post-326","page","type-page","status-publish","has-post-thumbnail","hentry"],"jetpack_sharing_enabled":true,"jetpack-related-posts":[],"_links":{"self":[{"href":"https:\/\/karmel.hr\/index.php?rest_route=\/wp\/v2\/pages\/326","targetHints":{"allow":["GET"]}}],"collection":[{"href":"https:\/\/karmel.hr\/index.php?rest_route=\/wp\/v2\/pages"}],"about":[{"href":"https:\/\/karmel.hr\/index.php?rest_route=\/wp\/v2\/types\/page"}],"author":[{"embeddable":true,"href":"https:\/\/karmel.hr\/index.php?rest_route=\/wp\/v2\/users\/1"}],"replies":[{"embeddable":true,"href":"https:\/\/karmel.hr\/index.php?rest_route=%2Fwp%2Fv2%2Fcomments&post=326"}],"version-history":[{"count":3,"href":"https:\/\/karmel.hr\/index.php?rest_route=\/wp\/v2\/pages\/326\/revisions"}],"predecessor-version":[{"id":377,"href":"https:\/\/karmel.hr\/index.php?rest_route=\/wp\/v2\/pages\/326\/revisions\/377"}],"up":[{"embeddable":true,"href":"https:\/\/karmel.hr\/index.php?rest_route=\/wp\/v2\/pages\/92"}],"wp:featuredmedia":[{"embeddable":true,"href":"https:\/\/karmel.hr\/index.php?rest_route=\/wp\/v2\/media\/328"}],"wp:attachment":[{"href":"https:\/\/karmel.hr\/index.php?rest_route=%2Fwp%2Fv2%2Fmedia&parent=326"}],"curies":[{"name":"wp","href":"https:\/\/api.w.org\/{rel}","templated":true}]}}